{"id":25,"date":"2024-03-06T17:57:52","date_gmt":"2024-03-06T22:57:52","guid":{"rendered":"https:\/\/www.airducol.com\/?page_id=25"},"modified":"2024-09-25T13:57:40","modified_gmt":"2024-09-25T18:57:40","slug":"aire-acondicionado","status":"publish","type":"page","link":"https:\/\/www.airducol.com\/?page_id=25","title":{"rendered":"Aire Acondicionado"},"content":{"rendered":"\n<div class=\"wp-block-cover is-repeated\" style=\"min-height:400px;aspect-ratio:unset;\"><span aria-hidden=\"true\" class=\"wp-block-cover__background has-background-dim\"><\/span><div class=\"wp-block-cover__image-background wp-image-210 is-repeated\" style=\"background-position:50% 50%;background-image:url(https:\/\/www.airducol.com\/wp-content\/uploads\/aire-2-2.jpeg)\"><\/div><div class=\"wp-block-cover__inner-container is-layout-constrained wp-block-cover-is-layout-constrained\">\n<div class=\"wp-block-group is-vertical is-content-justification-center is-layout-flex wp-container-core-group-is-layout-5253b711 wp-block-group-is-layout-flex\">\n<p class=\"has-text-align-center has-nv-site-bg-color has-text-color has-link-color wp-elements-1 wp-block-paragraph\" style=\"font-size:77px\"><strong>Aire Acondicionado<\/strong><\/p>\n\n\n\n<p class=\"wp-block-paragraph\"><\/p>\n<\/div>\n\n\n\n<hr class=\"wp-block-separator has-alpha-channel-opacity\"\/>\n\n\n\n<p class=\"has-text-align-center has-nv-site-bg-color has-text-color has-link-color wp-elements-2 wp-block-paragraph\">Nos encargamos de verificar que sus equipos de aire acondicionado funcionen de la mejor manera, validamos que cada componente este funcionando acorde a lo requerido.<\/p>\n\n\n\n<p class=\"has-text-align-center has-nv-site-bg-color has-text-color has-link-color wp-elements-3 wp-block-paragraph\">Brindamos mantenimiento, suministro e instalaci\u00f3n de todo tipo de aire acondicionado.<\/p>\n<\/div><\/div>\n\n\n\n<p class=\"wp-block-paragraph\"><\/p>\n\n\n\n<p class=\"wp-block-paragraph\">El mantenimiento regular del aire acondicionado mejora la eficiencia energ\u00e9tica, prolonga la vida \u00fatil del equipo y asegura un aire limpio, mejor confort y un espacio m\u00e1s saludable.<\/p>\n\n\n\n<div class=\"wp-block-media-text is-stacked-on-mobile\" style=\"grid-template-columns:19% auto\"><figure class=\"wp-block-media-text__media\"><img loading=\"lazy\" decoding=\"async\" width=\"720\" height=\"1280\" src=\"https:\/\/www.airducol.com\/wp-content\/uploads\/WhatsApp-Image-2024-09-07-at-4.48.37-PM-720x1280.jpeg\" alt=\"\" class=\"wp-image-455 size-full\" srcset=\"https:\/\/www.airducol.com\/wp-content\/uploads\/WhatsApp-Image-2024-09-07-at-4.48.37-PM-720x1280.jpeg 720w, https:\/\/www.airducol.com\/wp-content\/uploads\/WhatsApp-Image-2024-09-07-at-4.48.37-PM-337x600.jpeg 337w, https:\/\/www.airducol.com\/wp-content\/uploads\/WhatsApp-Image-2024-09-07-at-4.48.37-PM-768x1366.jpeg 768w, https:\/\/www.airducol.com\/wp-content\/uploads\/WhatsApp-Image-2024-09-07-at-4.48.37-PM-864x1536.jpeg 864w, https:\/\/www.airducol.com\/wp-content\/uploads\/WhatsApp-Image-2024-09-07-at-4.48.37-PM.jpeg 899w\" sizes=\"auto, (max-width: 720px) 100vw, 720px\" \/><\/figure><div class=\"wp-block-media-text__content\">\n<p class=\"wp-block-paragraph\"><strong><mark style=\"background-color:rgba(0, 0, 0, 0)\" class=\"has-inline-color has-neve-link-color-color\">Mantenimiento de sistemas de ventilaci\u00f3n: Preventivo<\/mark><\/strong><\/p>\n\n\n\n<p class=\"wp-block-paragraph\">El mantenimiento de los sistemas de ventilaci\u00f3n industrial y comercial es de vital importancia para garantizar un entorno de trabajo seguro y saludable. Estos sistemas son los encargados de la extracci\u00f3n de contaminantes, control de temperatura y circulaci\u00f3n del aire en las instalaciones.<\/p>\n\n\n\n<p class=\"wp-block-paragraph\">Siempre se recomienda realizar estos mantenimientos como m\u00e1ximo cada tres meses para no afectar en funcionamiento del equipo. <\/p>\n<\/div><\/div>\n\n\n\n<p class=\"wp-block-paragraph\"><\/p>\n\n\n\n<div class=\"wp-block-media-text is-stacked-on-mobile\" style=\"grid-template-columns:19% auto\"><figure class=\"wp-block-media-text__media\"><img loading=\"lazy\" decoding=\"async\" width=\"720\" height=\"1280\" src=\"https:\/\/www.airducol.com\/wp-content\/uploads\/WhatsApp-Image-2024-08-22-at-3.27.36-PM-720x1280.jpeg\" alt=\"\" class=\"wp-image-456 size-full\" srcset=\"https:\/\/www.airducol.com\/wp-content\/uploads\/WhatsApp-Image-2024-08-22-at-3.27.36-PM-720x1280.jpeg 720w, https:\/\/www.airducol.com\/wp-content\/uploads\/WhatsApp-Image-2024-08-22-at-3.27.36-PM-338x600.jpeg 338w, https:\/\/www.airducol.com\/wp-content\/uploads\/WhatsApp-Image-2024-08-22-at-3.27.36-PM-768x1365.jpeg 768w, https:\/\/www.airducol.com\/wp-content\/uploads\/WhatsApp-Image-2024-08-22-at-3.27.36-PM-864x1536.jpeg 864w, https:\/\/www.airducol.com\/wp-content\/uploads\/WhatsApp-Image-2024-08-22-at-3.27.36-PM.jpeg 900w\" sizes=\"auto, (max-width: 720px) 100vw, 720px\" \/><\/figure><div class=\"wp-block-media-text__content\">\n<p class=\"wp-block-paragraph\"><strong><mark style=\"background-color:rgba(0, 0, 0, 0)\" class=\"has-inline-color has-neve-link-color-color\">Mantenimiento correctivo.<\/mark><\/strong><\/p>\n\n\n\n<p class=\"wp-block-paragraph\">Son tareas que se realizan una vez se ha producido un da\u00f1o en el equipo. Su principal objetivo es reparar las fallas encontradas y sus posibles causales y as\u00ed proporcionar soluciones eficaces para prevenir nuevas fallas.<\/p>\n\n\n\n<p class=\"wp-block-paragraph\"><\/p>\n<\/div><\/div>\n\n\n\n<p class=\"wp-block-paragraph\"><\/p>\n\n\n\n<div class=\"wp-block-media-text is-stacked-on-mobile\" style=\"grid-template-columns:19% auto\"><figure class=\"wp-block-media-text__media\"><img loading=\"lazy\" decoding=\"async\" width=\"1280\" height=\"960\" src=\"https:\/\/www.airducol.com\/wp-content\/uploads\/WhatsApp-Image-2024-09-19-at-8.44.37-PM-1280x960.jpeg\" alt=\"\" class=\"wp-image-457 size-full\" srcset=\"https:\/\/www.airducol.com\/wp-content\/uploads\/WhatsApp-Image-2024-09-19-at-8.44.37-PM-1280x960.jpeg 1280w, https:\/\/www.airducol.com\/wp-content\/uploads\/WhatsApp-Image-2024-09-19-at-8.44.37-PM-600x450.jpeg 600w, https:\/\/www.airducol.com\/wp-content\/uploads\/WhatsApp-Image-2024-09-19-at-8.44.37-PM-768x576.jpeg 768w, https:\/\/www.airducol.com\/wp-content\/uploads\/WhatsApp-Image-2024-09-19-at-8.44.37-PM-1536x1152.jpeg 1536w, https:\/\/www.airducol.com\/wp-content\/uploads\/WhatsApp-Image-2024-09-19-at-8.44.37-PM.jpeg 1600w\" sizes=\"auto, (max-width: 1280px) 100vw, 1280px\" \/><\/figure><div class=\"wp-block-media-text__content\">\n<p class=\"wp-block-paragraph\"><strong><mark style=\"background-color:rgba(0, 0, 0, 0)\" class=\"has-inline-color has-neve-link-color-color\">Suministro e instalaci\u00f3n de equipos de aire acondicionado.<\/mark><\/strong><\/p>\n\n\n\n<p class=\"wp-block-paragraph\">Suministramos equipos de aire acondicionado como: port\u00e1til, tipo cassette, multi split piso-techo, sistemas VRF, sistemas por ductos,sistemas fan coil.<\/p>\n<\/div><\/div>\n","protected":false},"excerpt":{"rendered":"<p>El mantenimiento regular del aire acondicionado mejora la eficiencia energ\u00e9tica, prolonga la vida \u00fatil del equipo y asegura un aire limpio, mejor confort y un espacio m\u00e1s saludable. Mantenimiento de sistemas de ventilaci\u00f3n: Preventivo El mantenimiento de los sistemas de ventilaci\u00f3n industrial y comercial es de vital importancia para garantizar un entorno de trabajo seguro&hellip;&nbsp;<a href=\"https:\/\/www.airducol.com\/?page_id=25\" class=\"\" rel=\"bookmark\">Leer m\u00e1s &raquo;<span class=\"screen-reader-text\">Aire Acondicionado<\/span><\/a><\/p>\n","protected":false},"author":1,"featured_media":0,"parent":15,"menu_order":0,"comment_status":"closed","ping_status":"closed","template":"","meta":{"neve_meta_sidebar":"","neve_meta_container":"","neve_meta_enable_content_width":"","neve_meta_content_width":0,"neve_meta_title_alignment":"","neve_meta_author_avatar":"","neve_post_elements_order":"","neve_meta_disable_header":"","neve_meta_disable_footer":"","neve_meta_disable_title":"on","footnotes":""},"class_list":["post-25","page","type-page","status-publish","hentry"],"yoast_head":"<!-- This site is optimized with the Yoast SEO plugin v28.4 - https:\/\/yoast.com\/product\/yoast-seo-wordpress\/ -->\n<title>Aire Acondicionado - AIRDUCOL S.A.S<\/title>\n<meta name=\"description\" content=\"nada mejor que contar con un espacio lleno de confort y en Airducol somo expertos, brindamos servicios de suministro, instalaci\u00f3n y mantenimientos.\" \/>\n<meta name=\"robots\" content=\"index, follow, max-snippet:-1, max-image-preview:large, max-video-preview:-1\" \/>\n<link rel=\"canonical\" href=\"https:\/\/www.airducol.com\/?page_id=25\" \/>\n<meta property=\"og:locale\" content=\"es_ES\" \/>\n<meta property=\"og:type\" content=\"article\" \/>\n<meta property=\"og:title\" content=\"Aire Acondicionado - AIRDUCOL S.A.S\" \/>\n<meta property=\"og:description\" content=\"nada mejor que contar con un espacio lleno de confort y en Airducol somo expertos, brindamos servicios de suministro, instalaci\u00f3n y mantenimientos.\" \/>\n<meta property=\"og:url\" content=\"https:\/\/www.airducol.com\/?page_id=25\" \/>\n<meta property=\"og:site_name\" content=\"AIRDUCOL S.A.S\" \/>\n<meta property=\"article:publisher\" content=\"https:\/\/web.facebook.com\/?locale=es_LA&amp;_rdc=1&amp;_rdr\" \/>\n<meta property=\"article:modified_time\" content=\"2024-09-25T18:57:40+00:00\" \/>\n<meta property=\"og:image\" content=\"https:\/\/www.airducol.com\/wp-content\/uploads\/WhatsApp-Image-2024-09-07-at-4.48.37-PM-720x1280.jpeg\" \/>\n<meta name=\"twitter:card\" content=\"summary_large_image\" \/>\n<meta name=\"twitter:label1\" content=\"Tiempo de lectura\" \/>\n\t<meta name=\"twitter:data1\" content=\"2 minutos\" \/>\n<script type=\"application\/ld+json\" class=\"yoast-schema-graph\">{\"@context\":\"https:\\\/\\\/schema.org\",\"@graph\":[{\"@type\":\"WebPage\",\"@id\":\"https:\\\/\\\/www.airducol.com\\\/?page_id=25\",\"url\":\"https:\\\/\\\/www.airducol.com\\\/?page_id=25\",\"name\":\"Aire Acondicionado - AIRDUCOL S.A.S\",\"isPartOf\":{\"@id\":\"https:\\\/\\\/www.airducol.com\\\/#website\"},\"primaryImageOfPage\":{\"@id\":\"https:\\\/\\\/www.airducol.com\\\/?page_id=25#primaryimage\"},\"image\":{\"@id\":\"https:\\\/\\\/www.airducol.com\\\/?page_id=25#primaryimage\"},\"thumbnailUrl\":\"https:\\\/\\\/www.airducol.com\\\/wp-content\\\/uploads\\\/WhatsApp-Image-2024-09-07-at-4.48.37-PM-720x1280.jpeg\",\"datePublished\":\"2024-03-06T22:57:52+00:00\",\"dateModified\":\"2024-09-25T18:57:40+00:00\",\"description\":\"nada mejor que contar con un espacio lleno de confort y en Airducol somo expertos, brindamos servicios de suministro, instalaci\u00f3n y mantenimientos.\",\"breadcrumb\":{\"@id\":\"https:\\\/\\\/www.airducol.com\\\/?page_id=25#breadcrumb\"},\"inLanguage\":\"es\",\"potentialAction\":[{\"@type\":\"ReadAction\",\"target\":[\"https:\\\/\\\/www.airducol.com\\\/?page_id=25\"]}]},{\"@type\":\"ImageObject\",\"inLanguage\":\"es\",\"@id\":\"https:\\\/\\\/www.airducol.com\\\/?page_id=25#primaryimage\",\"url\":\"https:\\\/\\\/www.airducol.com\\\/wp-content\\\/uploads\\\/WhatsApp-Image-2024-09-07-at-4.48.37-PM.jpeg\",\"contentUrl\":\"https:\\\/\\\/www.airducol.com\\\/wp-content\\\/uploads\\\/WhatsApp-Image-2024-09-07-at-4.48.37-PM.jpeg\",\"width\":899,\"height\":1599},{\"@type\":\"BreadcrumbList\",\"@id\":\"https:\\\/\\\/www.airducol.com\\\/?page_id=25#breadcrumb\",\"itemListElement\":[{\"@type\":\"ListItem\",\"position\":1,\"name\":\"Portada\",\"item\":\"https:\\\/\\\/www.airducol.com\\\/\"},{\"@type\":\"ListItem\",\"position\":2,\"name\":\"Servicios.\",\"item\":\"https:\\\/\\\/www.airducol.com\\\/?page_id=15\"},{\"@type\":\"ListItem\",\"position\":3,\"name\":\"Aire Acondicionado\"}]},{\"@type\":\"WebSite\",\"@id\":\"https:\\\/\\\/www.airducol.com\\\/#website\",\"url\":\"https:\\\/\\\/www.airducol.com\\\/\",\"name\":\"AIRDUCOL S.A.S\",\"description\":\"SOLUCIONES INMEDIATAS CON CALIDAD\",\"publisher\":{\"@id\":\"https:\\\/\\\/www.airducol.com\\\/#organization\"},\"potentialAction\":[{\"@type\":\"SearchAction\",\"target\":{\"@type\":\"EntryPoint\",\"urlTemplate\":\"https:\\\/\\\/www.airducol.com\\\/?s={search_term_string}\"},\"query-input\":{\"@type\":\"PropertyValueSpecification\",\"valueRequired\":true,\"valueName\":\"search_term_string\"}}],\"inLanguage\":\"es\"},{\"@type\":\"Organization\",\"@id\":\"https:\\\/\\\/www.airducol.com\\\/#organization\",\"name\":\"AIRDUCOL S.A.S\",\"url\":\"https:\\\/\\\/www.airducol.com\\\/\",\"logo\":{\"@type\":\"ImageObject\",\"inLanguage\":\"es\",\"@id\":\"https:\\\/\\\/www.airducol.com\\\/#\\\/schema\\\/logo\\\/image\\\/\",\"url\":\"https:\\\/\\\/www.airducol.com\\\/wp-content\\\/uploads\\\/cropped-logo.jpg\",\"contentUrl\":\"https:\\\/\\\/www.airducol.com\\\/wp-content\\\/uploads\\\/cropped-logo.jpg\",\"width\":512,\"height\":512,\"caption\":\"AIRDUCOL S.A.S\"},\"image\":{\"@id\":\"https:\\\/\\\/www.airducol.com\\\/#\\\/schema\\\/logo\\\/image\\\/\"},\"sameAs\":[\"https:\\\/\\\/web.facebook.com\\\/?locale=es_LA&_rdc=1&_rdr\",\"https:\\\/\\\/www.instagram.com\\\/\"]}]}<\/script>\n<!-- \/ Yoast SEO plugin. -->","yoast_head_json":{"title":"Aire Acondicionado - AIRDUCOL S.A.S","description":"nada mejor que contar con un espacio lleno de confort y en Airducol somo expertos, brindamos servicios de suministro, instalaci\u00f3n y mantenimientos.","robots":{"index":"index","follow":"follow","max-snippet":"max-snippet:-1","max-image-preview":"max-image-preview:large","max-video-preview":"max-video-preview:-1"},"canonical":"https:\/\/www.airducol.com\/?page_id=25","og_locale":"es_ES","og_type":"article","og_title":"Aire Acondicionado - AIRDUCOL S.A.S","og_description":"nada mejor que contar con un espacio lleno de confort y en Airducol somo expertos, brindamos servicios de suministro, instalaci\u00f3n y mantenimientos.","og_url":"https:\/\/www.airducol.com\/?page_id=25","og_site_name":"AIRDUCOL S.A.S","article_publisher":"https:\/\/web.facebook.com\/?locale=es_LA&_rdc=1&_rdr","article_modified_time":"2024-09-25T18:57:40+00:00","og_image":[{"url":"https:\/\/www.airducol.com\/wp-content\/uploads\/WhatsApp-Image-2024-09-07-at-4.48.37-PM-720x1280.jpeg","type":"","width":"","height":""}],"twitter_card":"summary_large_image","twitter_misc":{"Tiempo de lectura":"2 minutos"},"schema":{"@context":"https:\/\/schema.org","@graph":[{"@type":"WebPage","@id":"https:\/\/www.airducol.com\/?page_id=25","url":"https:\/\/www.airducol.com\/?page_id=25","name":"Aire Acondicionado - AIRDUCOL S.A.S","isPartOf":{"@id":"https:\/\/www.airducol.com\/#website"},"primaryImageOfPage":{"@id":"https:\/\/www.airducol.com\/?page_id=25#primaryimage"},"image":{"@id":"https:\/\/www.airducol.com\/?page_id=25#primaryimage"},"thumbnailUrl":"https:\/\/www.airducol.com\/wp-content\/uploads\/WhatsApp-Image-2024-09-07-at-4.48.37-PM-720x1280.jpeg","datePublished":"2024-03-06T22:57:52+00:00","dateModified":"2024-09-25T18:57:40+00:00","description":"nada mejor que contar con un espacio lleno de confort y en Airducol somo expertos, brindamos servicios de suministro, instalaci\u00f3n y mantenimientos.","breadcrumb":{"@id":"https:\/\/www.airducol.com\/?page_id=25#breadcrumb"},"inLanguage":"es","potentialAction":[{"@type":"ReadAction","target":["https:\/\/www.airducol.com\/?page_id=25"]}]},{"@type":"ImageObject","inLanguage":"es","@id":"https:\/\/www.airducol.com\/?page_id=25#primaryimage","url":"https:\/\/www.airducol.com\/wp-content\/uploads\/WhatsApp-Image-2024-09-07-at-4.48.37-PM.jpeg","contentUrl":"https:\/\/www.airducol.com\/wp-content\/uploads\/WhatsApp-Image-2024-09-07-at-4.48.37-PM.jpeg","width":899,"height":1599},{"@type":"BreadcrumbList","@id":"https:\/\/www.airducol.com\/?page_id=25#breadcrumb","itemListElement":[{"@type":"ListItem","position":1,"name":"Portada","item":"https:\/\/www.airducol.com\/"},{"@type":"ListItem","position":2,"name":"Servicios.","item":"https:\/\/www.airducol.com\/?page_id=15"},{"@type":"ListItem","position":3,"name":"Aire Acondicionado"}]},{"@type":"WebSite","@id":"https:\/\/www.airducol.com\/#website","url":"https:\/\/www.airducol.com\/","name":"AIRDUCOL S.A.S","description":"SOLUCIONES INMEDIATAS CON CALIDAD","publisher":{"@id":"https:\/\/www.airducol.com\/#organization"},"potentialAction":[{"@type":"SearchAction","target":{"@type":"EntryPoint","urlTemplate":"https:\/\/www.airducol.com\/?s={search_term_string}"},"query-input":{"@type":"PropertyValueSpecification","valueRequired":true,"valueName":"search_term_string"}}],"inLanguage":"es"},{"@type":"Organization","@id":"https:\/\/www.airducol.com\/#organization","name":"AIRDUCOL S.A.S","url":"https:\/\/www.airducol.com\/","logo":{"@type":"ImageObject","inLanguage":"es","@id":"https:\/\/www.airducol.com\/#\/schema\/logo\/image\/","url":"https:\/\/www.airducol.com\/wp-content\/uploads\/cropped-logo.jpg","contentUrl":"https:\/\/www.airducol.com\/wp-content\/uploads\/cropped-logo.jpg","width":512,"height":512,"caption":"AIRDUCOL S.A.S"},"image":{"@id":"https:\/\/www.airducol.com\/#\/schema\/logo\/image\/"},"sameAs":["https:\/\/web.facebook.com\/?locale=es_LA&_rdc=1&_rdr","https:\/\/www.instagram.com\/"]}]}},"_links":{"self":[{"href":"https:\/\/www.airducol.com\/index.php?rest_route=\/wp\/v2\/pages\/25","targetHints":{"allow":["GET"]}}],"collection":[{"href":"https:\/\/www.airducol.com\/index.php?rest_route=\/wp\/v2\/pages"}],"about":[{"href":"https:\/\/www.airducol.com\/index.php?rest_route=\/wp\/v2\/types\/page"}],"author":[{"embeddable":true,"href":"https:\/\/www.airducol.com\/index.php?rest_route=\/wp\/v2\/users\/1"}],"replies":[{"embeddable":true,"href":"https:\/\/www.airducol.com\/index.php?rest_route=%2Fwp%2Fv2%2Fcomments&post=25"}],"version-history":[{"count":20,"href":"https:\/\/www.airducol.com\/index.php?rest_route=\/wp\/v2\/pages\/25\/revisions"}],"predecessor-version":[{"id":461,"href":"https:\/\/www.airducol.com\/index.php?rest_route=\/wp\/v2\/pages\/25\/revisions\/461"}],"up":[{"embeddable":true,"href":"https:\/\/www.airducol.com\/index.php?rest_route=\/wp\/v2\/pages\/15"}],"wp:attachment":[{"href":"https:\/\/www.airducol.com\/index.php?rest_route=%2Fwp%2Fv2%2Fmedia&parent=25"}],"curies":[{"name":"wp","href":"https:\/\/api.w.org\/{rel}","templated":true}]}}